{"version":"1.0","provider_name":"What the France","provider_url":"https:\/\/whatthefrance.org\/fr\/","title":"General Elektriks | Tourn\u00e9e au Br\u00e9sil - What the France","type":"rich","width":600,"height":338,"html":"<blockquote class=\"wp-embedded-content\" data-secret=\"bNGybJWXfR\"><a href=\"https:\/\/whatthefrance.org\/fr\/general-elektriks-tournee-au-bresil\/\">General Elektriks | Tourn\u00e9e au Br\u00e9sil<\/a><\/blockquote><iframe sandbox=\"allow-scripts\" security=\"restricted\" src=\"https:\/\/whatthefrance.org\/fr\/general-elektriks-tournee-au-bresil\/embed\/#?secret=bNGybJWXfR\" width=\"600\" height=\"338\" title=\"\u00ab\u00a0General Elektriks | Tourn\u00e9e au Br\u00e9sil\u00a0\u00bb &#8212; What the France\" data-secret=\"bNGybJWXfR\" frameborder=\"0\" marginwidth=\"0\" marginheight=\"0\" scrolling=\"no\" class=\"wp-embedded-content\"><\/iframe><script type=\"text\/javascript\">\n\/* <![CDATA[ *\/\n\/*! This file is auto-generated *\/\n!function(d,l){\"use strict\";l.querySelector&&d.addEventListener&&\"undefined\"!=typeof URL&&(d.wp=d.wp||{},d.wp.receiveEmbedMessage||(d.wp.receiveEmbedMessage=function(e){var t=e.data;if((t||t.secret||t.message||t.value)&&!\/[^a-zA-Z0-9]\/.test(t.secret)){for(var s,r,n,a=l.querySelectorAll('iframe[data-secret=\"'+t.secret+'\"]'),o=l.querySelectorAll('blockquote[data-secret=\"'+t.secret+'\"]'),c=new RegExp(\"^https?:$\",\"i\"),i=0;i<o.length;i++)o[i].style.display=\"none\";for(i=0;i<a.length;i++)s=a[i],e.source===s.contentWindow&&(s.removeAttribute(\"style\"),\"height\"===t.message?(1e3<(r=parseInt(t.value,10))?r=1e3:~~r<200&&(r=200),s.height=r):\"link\"===t.message&&(r=new URL(s.getAttribute(\"src\")),n=new URL(t.value),c.test(n.protocol))&&n.host===r.host&&l.activeElement===s&&(d.top.location.href=t.value))}},d.addEventListener(\"message\",d.wp.receiveEmbedMessage,!1),l.addEventListener(\"DOMContentLoaded\",function(){for(var e,t,s=l.querySelectorAll(\"iframe.wp-embedded-content\"),r=0;r<s.length;r++)(t=(e=s[r]).getAttribute(\"data-secret\"))||(t=Math.random().toString(36).substring(2,12),e.src+=\"#?secret=\"+t,e.setAttribute(\"data-secret\",t)),e.contentWindow.postMessage({message:\"ready\",secret:t},\"*\")},!1)))}(window,document);\n\/\/# sourceURL=https:\/\/whatthefrance.org\/wp-includes\/js\/wp-embed.min.js\n\/* ]]> *\/\n<\/script>\n","description":"Apr\u00e8s presque trois ans d\u2019absence, General Elektriks est de retour au Br\u00e9sil, fin avril, pour une s\u00e9rie de trois concerts \u00e0 Rio de Janeiro, S\u00e3o Paulo et Recife. General Elektriks jouera en premi\u00e8re partie de l\u2019artiste br\u00e9silienne C\u00e9u au Circo Voador \u00e0 Rio de Janeiro, le 25 avril. Ce concert marque une collaboration de longue [&hellip;]","thumbnail_url":"https:\/\/whatthefrance.org\/wp-content\/uploads\/2018\/10\/192-1.png","thumbnail_width":192,"thumbnail_height":192}