{"id":2481,"date":"2023-02-28T10:29:55","date_gmt":"2023-02-28T09:29:55","guid":{"rendered":"https:\/\/dev.whatthefrance.org\/playlists\/a-made-in-france-selection-by-amanda-magalhaes-2\/"},"modified":"2026-05-26T15:39:55","modified_gmt":"2026-05-26T13:39:55","slug":"a-made-in-france-selection-by-amanda-magalhaes-2","status":"publish","type":"cpt_playlists","link":"https:\/\/whatthefrance.org\/fr\/playlists\/a-made-in-france-selection-by-amanda-magalhaes-2\/","title":{"rendered":"A Made In France Selection By Amanda Magalhaes"},"content":{"rendered":"\n<div class=\"wp-block-group alignwide container-article is-content-justification-left is-layout-constrained wp-container-core-group-is-layout-5dc111c9 wp-block-group-is-layout-constrained\">\n<div class=\"wp-block-group is-layout-constrained wp-block-group-is-layout-constrained\">\n<p class=\"has-white-color has-text-color has-link-color has-font-family-fira-sans has-font-weight-400 has-font-size-24 wp-elements-1 wp-block-paragraph\"><span style=\"font-weight: 400\">Amanda Magalh\u00e3es, \u00e9toile montante de la sc\u00e8ne ind\u00e9pendante br\u00e9silienne, d\u00e9clare sa flamme \u00e0 la musique fran\u00e7aise avec une playlist exclusive pour What the France.<\/span><\/p>\n\n\n\n<p class=\"has-white-color has-text-color has-link-color has-font-family-fira-sans has-font-weight-400 has-font-size-24 wp-elements-2 wp-block-paragraph\">Compositrice, paroli\u00e8re, chanteuse et musicienne, <strong><a href=\"https:\/\/www.instagram.com\/amandzmagalhaes\/\">Amanda Magalh\u00e3es<\/a> <\/strong>est une artiste accomplie. Depuis son enfance, elle baigne dans la musique noire am\u00e9ricaine et br\u00e9silienne. Et pour cause, elle est la fille de William Magalh\u00e3es, producteur et arrangeur du l\u00e9gendaire Banda Black Rio, et petite-fille du saxophoniste Oberdan Magalh\u00e3es, fondateur du m\u00eame groupe.<\/p>\n\n\n\n<p class=\"has-white-color has-text-color has-link-color has-font-family-fira-sans has-font-weight-400 has-font-size-24 wp-elements-3 wp-block-paragraph\">Chez les Magalh\u00e3es, tout le monde joue de la musique, mais les femmes sont souvent cantonn\u00e9es au chant. Alors quand la jeune Amanda d\u00e9couvre Alicia Keys, Nina Simone ou Norah Jones, elle a un d\u00e9clic et se met \u00e0 apprendre le piano.<\/p>\n\n\n\n<p class=\"has-white-color has-text-color has-link-color has-font-family-fira-sans has-font-weight-400 has-font-size-24 wp-elements-4 wp-block-paragraph\">Install\u00e9e \u00e0 S\u00e3o Paulo, la jeune carioca continue la musique mais se tourne \u00e9galement vers le th\u00e9\u00e2tre, en \u00e9tudiant les arts dramatiques \u00e0 l\u2019Universit\u00e9 de S\u00e3o Paulo (USP). Elle fait ses gammes et se fait rep\u00e9rer rapidement. Elle joue alors dans <\/span><i><span style=\"font-weight: 400\">Psi<\/span><\/i><span style=\"font-weight: 400\"> (HBO Br\u00e9sil), puis dans le film <\/span><i><span style=\"font-weight: 400\">Querida mam\u00e3e<\/span><\/i><span style=\"font-weight: 400\">, avant d\u2019appara\u00eetre dans la s\u00e9rie \u00e0 succ\u00e8s de Netflix, <\/span><i><span style=\"font-weight: 400\">3%<\/span><\/i><span style=\"font-weight: 400\">.<\/span><br \/><h3><span style=\"font-weight: 400\">Amanda Magalh\u00e3es, une artiste prometteuse de la sc\u00e8ne br\u00e9silienne<\/span><\/h3><br \/><span style=\"font-weight: 400\">Le petit et le grand \u00e9cran lui font de l\u2019\u0153il, mais la chanteuse d\u00e9cide finalement de se d\u00e9dier \u00e0 cent pour cent \u00e0 la musique et fait para\u00eetre quelques succ\u00e8s, comme le single <strong>\u00ab Fazer Valer \u00bb<\/strong> (2018) avec le rappeur Rincon Sapi\u00eancia, ou <strong>\u00ab Saiba \u00bb<\/strong> (2019), avec le chanteur Seu Jorge.<\/span><span style=\"font-weight: 400\">\u00a0<\/p>\n\n\n\n<p class=\"has-white-color has-text-color has-link-color has-font-family-fira-sans has-font-weight-400 has-font-size-24 wp-elements-5 wp-block-paragraph\">En 2020, elle sort son premier album qui fait l&rsquo;unanimit\u00e9 aupr\u00e8s des critiques, faisant de la compositrice l\u2019une des artistes les plus prometteuses de la nouvelle sc\u00e8ne br\u00e9silienne. En plus de sa collaboration avec Seu Jorge, on retrouve sur ce disque la chanteuse Linker, autre grand nom de la sc\u00e8ne ind\u00e9pendante br\u00e9silienne (\u00ab Talism\u00e3 \u00bb ) et le guitariste Vico (\u00ab <\/span><i><span style=\"font-weight: 400\">Ningu\u00e9m V\u00ea<\/span><\/i><span style=\"font-weight: 400\"> \u00bb).<\/p>\n\n\n\n<p class=\"has-white-color has-text-color has-link-color has-font-family-fira-sans has-font-weight-400 has-font-size-24 wp-elements-6 wp-block-paragraph\"><h3><span style=\"font-weight: 400\">\u00a0<\/span><span style=\"font-weight: 400\">Passionn\u00e9e par la musique fran\u00e7aise<\/span><\/h3><br \/><span style=\"font-weight: 400\">La relation d&rsquo;Amanda avec la France commence en 2015. \u00c0 l&rsquo;\u00e9poque, elle se rend au Festival d&rsquo;Avignon afin de jouer une pi\u00e8ce de th\u00e9\u00e2tre. Elle tombe amoureuse de la culture, de la musique et de la langue du pays. Elle commence alors \u00e0 \u00e9tudier le fran\u00e7ais. Pendant la pand\u00e9mie, elle s\u2019inscrit au festival da can\u00e7\u00e3o de l\u2019Alliance fran\u00e7aise et adapte dans la langue de Moli\u00e8re le tube du grand <a href=\"https:\/\/whatthefrance.org\/fr\/chico-cesar-i-un-nouvel-album-et-une-playlist-exclusive-pour-what-the-france\/\">Chico C\u00e9sar<\/a>, \u00ab Amor \u00e0 primeira vista \u00bb (\u00ab Coup de foudre \u00bb).<\/span><\/p>\n\n\n\n<p class=\"has-white-color has-text-color has-link-color has-font-family-fira-sans has-font-weight-400 has-font-size-24 wp-elements-7 wp-block-paragraph\">C\u2019est en 2021 que l\u2019histoire d\u00e9cide de lui donner un coup de pouce pour se connecter avec l\u2019Hexagone. Elle s\u2019inscrit et remporte l\u2019appel \u00e0 projets lanc\u00e9 par la SIM S\u00e3o Paulo et le MaMA Festival. Elle enregistre alors un titre avec le rappeur <a href=\"https:\/\/www.instagram.com\/pihpoh_music\/\">PIHPOH<\/a>, avec qui elle se lie d\u2019amiti\u00e9, et fait para\u00eetre un clip (\u00ab Laisse-les parler \u00bb), et se produit sur la sc\u00e8ne de La Machine du Moulin Rouge, dans le cadre du festival parisien.<\/p>\n\n\n\n<p class=\"has-white-color has-text-color has-link-color has-font-family-fira-sans has-font-weight-400 has-font-size-24 wp-elements-8 wp-block-paragraph\">Pour What the France, elle a concoct\u00e9 une playlist originale, passant en revue la richesse de ses influences fran\u00e7aises, avec au programme des titres de -M-, <a href=\"https:\/\/whatthefrance.org\/fr\/flavien-berger-la-video-exclusive-pour-decouvrir-sa-selection-made-in-france\/\">Flavien Berger<\/a>, Henri Salvador, Serge Gainsbourg, Barbara, Mayra Andrade, Zaz, Daft Punk, Fran\u00e7oise Hardy, Juliette Armanet, Ben L\u2019Oncle Soul, Barbara, L\u2019Imp\u00e9ratrice, Pomme, Georges Brassens, Bonnie Banane et Feu! Chatterton.<\/p>\n<\/div>\n<\/div>\n\n\n\n<div class=\"wp-block-group alignwide is-layout-constrained wp-block-group-is-layout-constrained\">\n<figure class=\"wp-block-embed alignfull is-type-video is-provider-youtube wp-block-embed-youtube wp-embed-aspect-16-9 wp-has-aspect-ratio\"><div class=\"wp-block-embed__wrapper\">\n<script>document.addEventListener('DOMContentLoaded', function() {(tarteaucitron.job = tarteaucitron.job || []).push('youtube');});<\/script><div class=\"youtube_player\" videoID=\"c2ptt7JZhVE\" width=\"100%\" height=\"100%\" style=\"height:50vw\" theme=\"light\" rel=\"0\" controls=\"1\" showinfo=\"1\" autoplay=\"0\"><\/div>\n<\/div><\/figure>\n<\/div>\n","protected":false},"featured_media":0,"template":"","meta":{"_acf_changed":false},"tax_category_b":[57],"class_list":["post-2481","cpt_playlists","type-cpt_playlists","status-publish","hentry","tax_category_b-curators"],"acf":{"block_query_thumbnail_post_image_url":1803},"yoast_head":"<!-- This site is optimized with the Yoast SEO Premium plugin v28.3 (Yoast SEO v28.3) - https:\/\/yoast.com\/product\/yoast-seo-premium-wordpress\/ -->\n<title>A Made In France Selection By Amanda Magalhaes - WhatTheFrance<\/title>\n<meta name=\"description\" content=\"Amanda Magalh\u00e3es, \u00e9toile de la sc\u00e8ne ind\u00e9 br\u00e9silienne, d\u00e9clare sa flamme \u00e0 la musique made in France avec une playlist exclusive pour What the France.\" \/>\n<meta name=\"robots\" content=\"index, follow, max-snippet:-1, max-image-preview:large, max-video-preview:-1\" \/>\n<link rel=\"canonical\" href=\"https:\/\/whatthefrance.org\/fr\/playlists\/a-made-in-france-selection-by-amanda-magalhaes-2\/\" \/>\n<meta property=\"og:locale\" content=\"fr_FR\" \/>\n<meta property=\"og:type\" content=\"article\" \/>\n<meta property=\"og:title\" content=\"A Made In France Selection By Amanda Magalhaes\" \/>\n<meta property=\"og:description\" content=\"Amanda Magalh\u00e3es, \u00e9toile de la sc\u00e8ne ind\u00e9 br\u00e9silienne, d\u00e9clare sa flamme \u00e0 la musique made in France avec une playlist exclusive pour What the France.\" \/>\n<meta property=\"og:url\" content=\"https:\/\/whatthefrance.org\/fr\/playlists\/a-made-in-france-selection-by-amanda-magalhaes-2\/\" \/>\n<meta property=\"og:site_name\" content=\"WhatTheFrance\" \/>\n<meta property=\"article:publisher\" content=\"https:\/\/www.facebook.com\/whatthefranceuk\" \/>\n<meta property=\"article:modified_time\" content=\"2026-05-26T13:39:55+00:00\" \/>\n<meta name=\"twitter:card\" content=\"summary_large_image\" \/>\n<meta name=\"twitter:label1\" content=\"Dur\u00e9e de lecture estim\u00e9e\" \/>\n\t<meta name=\"twitter:data1\" content=\"3 minutes\" \/>\n<script type=\"application\/ld+json\" class=\"yoast-schema-graph\">{\"@context\":\"https:\\\/\\\/schema.org\",\"@graph\":[{\"@type\":\"WebPage\",\"@id\":\"https:\\\/\\\/whatthefrance.org\\\/fr\\\/playlists\\\/a-made-in-france-selection-by-amanda-magalhaes-2\\\/\",\"url\":\"https:\\\/\\\/whatthefrance.org\\\/fr\\\/playlists\\\/a-made-in-france-selection-by-amanda-magalhaes-2\\\/\",\"name\":\"A Made In France Selection By Amanda Magalhaes - WhatTheFrance\",\"isPartOf\":{\"@id\":\"https:\\\/\\\/whatthefrance.org\\\/fr\\\/#website\"},\"datePublished\":\"2023-02-28T09:29:55+00:00\",\"dateModified\":\"2026-05-26T13:39:55+00:00\",\"description\":\"Amanda Magalh\u00e3es, \u00e9toile de la sc\u00e8ne ind\u00e9 br\u00e9silienne, d\u00e9clare sa flamme \u00e0 la musique made in France avec une playlist exclusive pour What the France.\",\"breadcrumb\":{\"@id\":\"https:\\\/\\\/whatthefrance.org\\\/fr\\\/playlists\\\/a-made-in-france-selection-by-amanda-magalhaes-2\\\/#breadcrumb\"},\"inLanguage\":\"fr-FR\",\"potentialAction\":[{\"@type\":\"ReadAction\",\"target\":[\"https:\\\/\\\/whatthefrance.org\\\/fr\\\/playlists\\\/a-made-in-france-selection-by-amanda-magalhaes-2\\\/\"]}]},{\"@type\":\"BreadcrumbList\",\"@id\":\"https:\\\/\\\/whatthefrance.org\\\/fr\\\/playlists\\\/a-made-in-france-selection-by-amanda-magalhaes-2\\\/#breadcrumb\",\"itemListElement\":[{\"@type\":\"ListItem\",\"position\":1,\"name\":\"Accueil\",\"item\":\"https:\\\/\\\/whatthefrance.org\\\/fr\\\/\"},{\"@type\":\"ListItem\",\"position\":2,\"name\":\"Playlists\",\"item\":\"https:\\\/\\\/whatthefrance.org\\\/fr\\\/playlists\\\/\"},{\"@type\":\"ListItem\",\"position\":3,\"name\":\"A Made In France Selection By Amanda Magalhaes\"}]},{\"@type\":\"WebSite\",\"@id\":\"https:\\\/\\\/whatthefrance.org\\\/fr\\\/#website\",\"url\":\"https:\\\/\\\/whatthefrance.org\\\/fr\\\/\",\"name\":\"What The France\",\"description\":\"\",\"publisher\":{\"@id\":\"https:\\\/\\\/whatthefrance.org\\\/fr\\\/#organization\"},\"potentialAction\":[{\"@type\":\"SearchAction\",\"target\":{\"@type\":\"EntryPoint\",\"urlTemplate\":\"https:\\\/\\\/whatthefrance.org\\\/fr\\\/?s={search_term_string}\"},\"query-input\":{\"@type\":\"PropertyValueSpecification\",\"valueRequired\":true,\"valueName\":\"search_term_string\"}}],\"inLanguage\":\"fr-FR\"},{\"@type\":\"Organization\",\"@id\":\"https:\\\/\\\/whatthefrance.org\\\/fr\\\/#organization\",\"name\":\"What The France\",\"url\":\"https:\\\/\\\/whatthefrance.org\\\/fr\\\/\",\"logo\":{\"@type\":\"ImageObject\",\"inLanguage\":\"fr-FR\",\"@id\":\"https:\\\/\\\/whatthefrance.org\\\/fr\\\/#\\\/schema\\\/logo\\\/image\\\/\",\"url\":\"https:\\\/\\\/whatthefrance.org\\\/wp-content\\\/uploads\\\/2026\\\/01\\\/logo-wtf-white.svg\",\"contentUrl\":\"https:\\\/\\\/whatthefrance.org\\\/wp-content\\\/uploads\\\/2026\\\/01\\\/logo-wtf-white.svg\",\"width\":1,\"height\":1,\"caption\":\"What The France\"},\"image\":{\"@id\":\"https:\\\/\\\/whatthefrance.org\\\/fr\\\/#\\\/schema\\\/logo\\\/image\\\/\"},\"sameAs\":[\"https:\\\/\\\/www.facebook.com\\\/whatthefranceuk\",\"https:\\\/\\\/www.instagram.com\\\/wt.france\\\/\",\"https:\\\/\\\/www.youtube.com\\\/@WhatTheFrance\"]}]}<\/script>\n<!-- \/ Yoast SEO Premium plugin. -->","yoast_head_json":{"title":"A Made In France Selection By Amanda Magalhaes - WhatTheFrance","description":"Amanda Magalh\u00e3es, \u00e9toile de la sc\u00e8ne ind\u00e9 br\u00e9silienne, d\u00e9clare sa flamme \u00e0 la musique made in France avec une playlist exclusive pour What the France.","robots":{"index":"index","follow":"follow","max-snippet":"max-snippet:-1","max-image-preview":"max-image-preview:large","max-video-preview":"max-video-preview:-1"},"canonical":"https:\/\/whatthefrance.org\/fr\/playlists\/a-made-in-france-selection-by-amanda-magalhaes-2\/","og_locale":"fr_FR","og_type":"article","og_title":"A Made In France Selection By Amanda Magalhaes","og_description":"Amanda Magalh\u00e3es, \u00e9toile de la sc\u00e8ne ind\u00e9 br\u00e9silienne, d\u00e9clare sa flamme \u00e0 la musique made in France avec une playlist exclusive pour What the France.","og_url":"https:\/\/whatthefrance.org\/fr\/playlists\/a-made-in-france-selection-by-amanda-magalhaes-2\/","og_site_name":"WhatTheFrance","article_publisher":"https:\/\/www.facebook.com\/whatthefranceuk","article_modified_time":"2026-05-26T13:39:55+00:00","twitter_card":"summary_large_image","twitter_misc":{"Dur\u00e9e de lecture estim\u00e9e":"3 minutes"},"schema":{"@context":"https:\/\/schema.org","@graph":[{"@type":"WebPage","@id":"https:\/\/whatthefrance.org\/fr\/playlists\/a-made-in-france-selection-by-amanda-magalhaes-2\/","url":"https:\/\/whatthefrance.org\/fr\/playlists\/a-made-in-france-selection-by-amanda-magalhaes-2\/","name":"A Made In France Selection By Amanda Magalhaes - WhatTheFrance","isPartOf":{"@id":"https:\/\/whatthefrance.org\/fr\/#website"},"datePublished":"2023-02-28T09:29:55+00:00","dateModified":"2026-05-26T13:39:55+00:00","description":"Amanda Magalh\u00e3es, \u00e9toile de la sc\u00e8ne ind\u00e9 br\u00e9silienne, d\u00e9clare sa flamme \u00e0 la musique made in France avec une playlist exclusive pour What the France.","breadcrumb":{"@id":"https:\/\/whatthefrance.org\/fr\/playlists\/a-made-in-france-selection-by-amanda-magalhaes-2\/#breadcrumb"},"inLanguage":"fr-FR","potentialAction":[{"@type":"ReadAction","target":["https:\/\/whatthefrance.org\/fr\/playlists\/a-made-in-france-selection-by-amanda-magalhaes-2\/"]}]},{"@type":"BreadcrumbList","@id":"https:\/\/whatthefrance.org\/fr\/playlists\/a-made-in-france-selection-by-amanda-magalhaes-2\/#breadcrumb","itemListElement":[{"@type":"ListItem","position":1,"name":"Accueil","item":"https:\/\/whatthefrance.org\/fr\/"},{"@type":"ListItem","position":2,"name":"Playlists","item":"https:\/\/whatthefrance.org\/fr\/playlists\/"},{"@type":"ListItem","position":3,"name":"A Made In France Selection By Amanda Magalhaes"}]},{"@type":"WebSite","@id":"https:\/\/whatthefrance.org\/fr\/#website","url":"https:\/\/whatthefrance.org\/fr\/","name":"What The France","description":"","publisher":{"@id":"https:\/\/whatthefrance.org\/fr\/#organization"},"potentialAction":[{"@type":"SearchAction","target":{"@type":"EntryPoint","urlTemplate":"https:\/\/whatthefrance.org\/fr\/?s={search_term_string}"},"query-input":{"@type":"PropertyValueSpecification","valueRequired":true,"valueName":"search_term_string"}}],"inLanguage":"fr-FR"},{"@type":"Organization","@id":"https:\/\/whatthefrance.org\/fr\/#organization","name":"What The France","url":"https:\/\/whatthefrance.org\/fr\/","logo":{"@type":"ImageObject","inLanguage":"fr-FR","@id":"https:\/\/whatthefrance.org\/fr\/#\/schema\/logo\/image\/","url":"https:\/\/whatthefrance.org\/wp-content\/uploads\/2026\/01\/logo-wtf-white.svg","contentUrl":"https:\/\/whatthefrance.org\/wp-content\/uploads\/2026\/01\/logo-wtf-white.svg","width":1,"height":1,"caption":"What The France"},"image":{"@id":"https:\/\/whatthefrance.org\/fr\/#\/schema\/logo\/image\/"},"sameAs":["https:\/\/www.facebook.com\/whatthefranceuk","https:\/\/www.instagram.com\/wt.france\/","https:\/\/www.youtube.com\/@WhatTheFrance"]}]}},"_links":{"self":[{"href":"https:\/\/whatthefrance.org\/fr\/wp-json\/wp\/v2\/cpt_playlists\/2481","targetHints":{"allow":["GET"]}}],"collection":[{"href":"https:\/\/whatthefrance.org\/fr\/wp-json\/wp\/v2\/cpt_playlists"}],"about":[{"href":"https:\/\/whatthefrance.org\/fr\/wp-json\/wp\/v2\/types\/cpt_playlists"}],"wp:attachment":[{"href":"https:\/\/whatthefrance.org\/fr\/wp-json\/wp\/v2\/media?parent=2481"}],"wp:term":[{"taxonomy":"tax_category_b","embeddable":true,"href":"https:\/\/whatthefrance.org\/fr\/wp-json\/wp\/v2\/tax_category_b?post=2481"}],"curies":[{"name":"wp","href":"https:\/\/api.w.org\/{rel}","templated":true}]}}